{"id":97,"date":"2022-11-20T16:12:10","date_gmt":"2022-11-20T15:12:10","guid":{"rendered":"http:\/\/www.gymnasium-schkeuditz.de\/?page_id=97"},"modified":"2026-03-23T21:57:04","modified_gmt":"2026-03-23T20:57:04","slug":"foerderverein","status":"publish","type":"page","link":"https:\/\/www.gymnasium-schkeuditz.de\/?page_id=97","title":{"rendered":"F\u00f6rderverein\u00a0"},"content":{"rendered":"\n<p class=\"has-text-align-left\">Der gemeinn\u00fctzige F\u00f6rderverein unseres Gymnasiums wurde 1992 gegr\u00fcndet und hat aktuell etwa 400 Mitglieder. Dazu geh\u00f6ren engagierte Eltern, Lehrende, ehemalige Sch\u00fcler und Sch\u00fclerinnen und alle, die sich unserer Schule verbunden f\u00fchlen.  <\/p>\n\n\n\n<p>Der Vorstand des F\u00f6rdervereins setzt sich aus gew\u00e4hlten Mitgliedern mit unterschiedlichen Aufgaben zusammen. Hier arbeiten sowohl Eltern als auch Lehrkr\u00e4fte ehrenamtlich zum Wohle der Schule.&nbsp;<\/p>\n\n\n<div class=\"wp-block-image is-resized is-style-default\">\n<figure class=\"aligncenter size-full\"><img loading=\"lazy\" decoding=\"async\" width=\"2560\" height=\"1264\" src=\"https:\/\/www.gymnasium-schkeuditz.de\/wp-content\/uploads\/2025\/10\/Vorstand-FV-2025-2-scaled.jpg\" alt=\"\" class=\"wp-image-13066\" srcset=\"https:\/\/www.gymnasium-schkeuditz.de\/wp-content\/uploads\/2025\/10\/Vorstand-FV-2025-2-scaled.jpg 2560w, https:\/\/www.gymnasium-schkeuditz.de\/wp-content\/uploads\/2025\/10\/Vorstand-FV-2025-2-300x148.jpg 300w, https:\/\/www.gymnasium-schkeuditz.de\/wp-content\/uploads\/2025\/10\/Vorstand-FV-2025-2-1024x506.jpg 1024w, https:\/\/www.gymnasium-schkeuditz.de\/wp-content\/uploads\/2025\/10\/Vorstand-FV-2025-2-768x379.jpg 768w, https:\/\/www.gymnasium-schkeuditz.de\/wp-content\/uploads\/2025\/10\/Vorstand-FV-2025-2-1536x758.jpg 1536w, https:\/\/www.gymnasium-schkeuditz.de\/wp-content\/uploads\/2025\/10\/Vorstand-FV-2025-2-2048x1011.jpg 2048w\" sizes=\"auto, (max-width: 2560px) 100vw, 2560px\" \/><figcaption class=\"wp-element-caption\">Der Vorstand <br>hintere Reihe v.l.n.r.: D. Hagen, D. Krause, V. Stecker, St. Krebs <br>vordere Reihe v.l.n.r.: M. Abel, D. Kastner, V. M\u00f6ritz, M. K\u00fcbler<br><br><\/figcaption><\/figure>\n<\/div>\n\n\n<h1 class=\"wp-block-heading has-medium-font-size\">Wof\u00fcr braucht das Maria-Merian-Gymnasium Schkeuditz einen F\u00f6rderverein?<\/h1>\n\n\n\n<p>Kaum eine Schule kommt heute ohne F\u00f6rderverein aus. Dieser setzt sich f\u00fcr den Erhalt und die Finanzierung von Ma\u00dfnahmen in der Schule ein, wo der Schultr\u00e4ger die Finanzierung nicht leisten kann oder diese nicht ausreicht. Konkret hei\u00dft das: Ohne F\u00f6rderverein g\u00e4be es die vielf\u00e4ltigen kulturellen und unterrichtserweiternden Angebote des Maria-Merian- Gymnasiums Schkeuditz nicht. Die meisten F\u00f6rdermittel w\u00fcrden ohne Eigenanteil nicht flie\u00dfen.&nbsp;<\/p>\n\n\n\n<p>Ab 12\u20ac Jahresbeitrag (und gern auch mehr) k\u00f6nnen Sie Mitglied werden und Projekte der Schule unterst\u00fctzen. Ihre aktive Mitarbeit im Verein ist ebenfalls herzlich willkommen.&nbsp;<\/p>\n\n\n\n<h2 class=\"wp-block-heading has-medium-font-size\">Was macht der F\u00f6rderverein konkret? <\/h2>\n\n\n\n<p>1. Unterst\u00fctzung der Ganztagsangebote (GTA) <\/p>\n\n\n\n<p>Durch die finanzielle Unterst\u00fctzung des F\u00f6rdervereins und die Verwaltung der vom Freistaat Sachsen bereitgestellten Finanzmittel sind die Ganztagsangebote f\u00fcr unsere Sch\u00fclerinnen und Sch\u00fcler weitestgehend kostenfrei. Konkrete Informationen zu den Ganztagesangeboten am Maria-Merian-Gymnasium Schkeuditz finden Sie auf der Internetseite der Schule. <\/p>\n\n\n\n<p>2. Kauf technischer Ger\u00e4te und Ausstattung der R\u00e4ume <\/p>\n\n\n\n<p>In den vergangenen Jahren wurden unter anderem Beamer, Laptops, Whiteboards, Pinnw\u00e4nde, Wetterstation sowie Sitzb\u00e4nke und Regale gekauft. <\/p>\n\n\n\n<p>3. Unterst\u00fctzung der Schulbibliothek <\/p>\n\n\n\n<p>4. Auszeichnung von Jahrgangsbesten am Ende des Schuljahres.<\/p>\n\n\n\n<p>5. F\u00f6rderung von Schulveranstaltungen und Projekten <\/p>\n\n\n\n<p>F\u00f6rderschwerpunkte waren die Unterst\u00fctzung von Gedenkst\u00e4ttenfahrten, Zusch\u00fcsse f\u00fcr berufsorientierte Ma\u00dfnahmen, wie z.B. &#8222;Garagenprojekt&#8220; der Klassenstufe 8; die Ausstattung mit Materialien f\u00fcr die &#8222;aktive Pause&#8220;. Selbstverst\u00e4ndlich wurden auch Schulveranstaltungen unterst\u00fctzt, wie das Weihnachtskonzert, der Tag der offenen T\u00fcr, die Meriannacht und das Hoftheaterfest.<\/p>\n\n\n\n<p>6. Maria Merian Informationspunkt <\/p>\n\n\n\n<p>Wer war die Namensgeberin unseres Gymnasiums? Ein Informationspunkt mit Vitrine und Monitor inkl. Touchscreen erm\u00f6glicht interessante Einblicke in das Leben und Wirken der Naturforscherin Maria Sibylla Merian.&nbsp;<\/p>\n\n\n\n<h2 class=\"wp-block-heading has-medium-font-size\">Wie finanziert sich der F\u00f6rderverein?&nbsp;<\/h2>\n\n\n\n<p>Die zur Verf\u00fcgung stehenden Mittel kommen aus den Beitr\u00e4gen der Vereinsmitglieder und aus Spenden. Auch einmalige Spenden helfen uns dabei sehr \u2013 wir freuen uns \u00fcber jeden Beitrag!&nbsp;<\/p>\n\n\n\n<blockquote class=\"wp-block-quote is-layout-flow wp-block-quote-is-layout-flow\">\n<p>\u201eNur mit der Unterst\u00fctzung des F\u00f6rdervereins k\u00f6nnen wir unser anspruchsvolles schulisches und fakultatives Programm auch in Zukunft anbieten. Allen Eltern kann ich daher zu einer Mitgliedschaft im F\u00f6rderverein raten \u2013 sie kommt zu 100% Ihren Kindern zugute.\u201c&nbsp;<\/p>\n<cite>Schulleiter Herr Sch\u00f6nfeldt<\/cite><\/blockquote>\n\n\n\n<h3 class=\"wp-block-heading has-text-align-center has-medium-font-size\" style=\"text-transform:uppercase\">Bitte unterst\u00fctzen auch Sie durch Ihre Mitgliedschaft die Arbeit unseres F\u00f6rdervereins!&nbsp;<\/h3>\n\n\n\n<p>Jede Investition in eine Verbesserung des Schullebens unserer Schule bedeutet auch eine Investition in unsere Kinder. Damit so in Zukunft die Qualit\u00e4t und der Lebensraum unserer Schule dauerhaft gew\u00e4hrleistet ist, ben\u00f6tigen wir engagierte Mitglieder und Sponsoren, denen die Bildung der Kinder am Herzen liegt.&nbsp;<\/p>\n\n\n\n<h2 class=\"wp-block-heading has-medium-font-size\">Bankverbindung<\/h2>\n\n\n\n<p>Sparkasse Leipzig<br>IBAN: DE98 8605 5592 1100 2207 51 BIC: WELADE8LXXX<\/p>\n\n\n\n<h2 class=\"wp-block-heading has-medium-font-size\">Downloads<\/h2>\n\n\n\n<div class=\"wp-block-buttons alignfull is-layout-flex wp-block-buttons-is-layout-flex\">\n<div class=\"wp-block-button is-style-outline is-style-outline--1\"><a class=\"wp-block-button__link has-black-color has-cyan-bluish-gray-background-color has-text-color has-background wp-element-button\" href=\"https:\/\/www.gymnasium-schkeuditz.de\/wp-content\/uploads\/2022\/11\/Antrag_Mitgliedschaft_Foerderverein_MMG.pdf\" style=\"border-radius:6px\" target=\"_blank\" rel=\"noreferrer noopener\">Antrag auf Mitgliedschaft <\/a><\/div>\n\n\n\n<div class=\"wp-block-button is-style-outline is-style-outline--2\"><a class=\"wp-block-button__link has-black-color has-cyan-bluish-gray-background-color has-text-color has-background wp-element-button\" href=\"https:\/\/www.gymnasium-schkeuditz.de\/wp-content\/uploads\/2024\/11\/241116_Vereinfachter-Zuwendungsnachweis.pdf\" style=\"border-radius:6px\" target=\"_blank\" rel=\"noreferrer noopener\">Zuwendungsnachweis<\/a><\/div>\n\n\n\n<div class=\"wp-block-button is-style-outline is-style-outline--3\"><a class=\"wp-block-button__link has-black-color has-cyan-bluish-gray-background-color has-text-color has-background wp-element-button\" href=\"https:\/\/www.gymnasium-schkeuditz.de\/wp-content\/uploads\/2026\/03\/20260128_Satzung-FVMMG-final.pdf\" style=\"border-radius:6px\">Satzung<\/a><\/div>\n<\/div>\n\n\n\n<div data-wp-interactive=\"core\/file\" class=\"wp-block-file\"><object data-wp-bind--hidden=\"!state.hasPdfPreview\" hidden class=\"wp-block-file__embed\" data=\"https:\/\/www.gymnasium-schkeuditz.de\/wp-content\/uploads\/2026\/03\/Vereinsfalter-Nr.-6.pdf\" type=\"application\/pdf\" style=\"width:100%;height:600px\" aria-label=\"Einbettung von Vereinsfalter Nr. 6.\"><\/object><a id=\"wp-block-file--media-c0b1d45e-1089-4a7e-b3ea-fa77f05d3cb6\" href=\"https:\/\/www.gymnasium-schkeuditz.de\/wp-content\/uploads\/2026\/03\/Vereinsfalter-Nr.-6.pdf\">Vereinsfalter Nr. 6<\/a><a href=\"https:\/\/www.gymnasium-schkeuditz.de\/wp-content\/uploads\/2026\/03\/Vereinsfalter-Nr.-6.pdf\" class=\"wp-block-file__button wp-element-button\" download aria-describedby=\"wp-block-file--media-c0b1d45e-1089-4a7e-b3ea-fa77f05d3cb6\">Herunterladen<\/a><\/div>\n\n\n\n<hr class=\"wp-block-separator has-alpha-channel-opacity\" \/>\n\n\n\n<h2 class=\"wp-block-heading has-medium-font-size\">Vereinsfalter<\/h2>\n\n\n\n<div data-wp-interactive=\"core\/file\" class=\"wp-block-file\"><object data-wp-bind--hidden=\"!state.hasPdfPreview\" hidden class=\"wp-block-file__embed\" data=\"https:\/\/www.gymnasium-schkeuditz.de\/wp-content\/uploads\/2025\/10\/Sonderausgabe-Vereinsfalter-10_25-1.pdf\" type=\"application\/pdf\" style=\"width:100%;height:600px\" aria-label=\"Einbettung von Sonderausgabe Vereinsfalter 10_25.\"><\/object><a id=\"wp-block-file--media-c2b09929-f333-46af-b60d-3845dbcf9e98\" href=\"https:\/\/www.gymnasium-schkeuditz.de\/wp-content\/uploads\/2025\/10\/Sonderausgabe-Vereinsfalter-10_25-1.pdf\">Sonderausgabe Vereinsfalter 10_25<\/a><a href=\"https:\/\/www.gymnasium-schkeuditz.de\/wp-content\/uploads\/2025\/10\/Sonderausgabe-Vereinsfalter-10_25-1.pdf\" class=\"wp-block-file__button wp-element-button\" download aria-describedby=\"wp-block-file--media-c2b09929-f333-46af-b60d-3845dbcf9e98\">Herunterladen<\/a><\/div>\n\n\n\n<div data-wp-interactive=\"core\/file\" class=\"wp-block-file\"><object data-wp-bind--hidden=\"!state.hasPdfPreview\" hidden class=\"wp-block-file__embed\" data=\"https:\/\/www.gymnasium-schkeuditz.de\/wp-content\/uploads\/2025\/08\/Vereinsfalter-Nr.-5.pdf\" type=\"application\/pdf\" style=\"width:100%;height:600px\" aria-label=\"Einbettung von Vereinsfalter Nr. 5.\"><\/object><a id=\"wp-block-file--media-6c56c3b1-7056-4c5c-949f-3d7b9511788c\" href=\"https:\/\/www.gymnasium-schkeuditz.de\/wp-content\/uploads\/2025\/08\/Vereinsfalter-Nr.-5.pdf\">Vereinsfalter Nr. 5<\/a><a href=\"https:\/\/www.gymnasium-schkeuditz.de\/wp-content\/uploads\/2025\/08\/Vereinsfalter-Nr.-5.pdf\" class=\"wp-block-file__button wp-element-button\" download aria-describedby=\"wp-block-file--media-6c56c3b1-7056-4c5c-949f-3d7b9511788c\">Herunterladen<\/a><\/div>\n\n\n\n<figure class=\"wp-block-image size-large\"><img loading=\"lazy\" decoding=\"async\" width=\"722\" height=\"1024\" src=\"https:\/\/www.gymnasium-schkeuditz.de\/wp-content\/uploads\/2024\/12\/VF4_1-722x1024.png\" alt=\"\" class=\"wp-image-12571\" srcset=\"https:\/\/www.gymnasium-schkeuditz.de\/wp-content\/uploads\/2024\/12\/VF4_1-722x1024.png 722w, https:\/\/www.gymnasium-schkeuditz.de\/wp-content\/uploads\/2024\/12\/VF4_1-212x300.png 212w, https:\/\/www.gymnasium-schkeuditz.de\/wp-content\/uploads\/2024\/12\/VF4_1-768x1089.png 768w, https:\/\/www.gymnasium-schkeuditz.de\/wp-content\/uploads\/2024\/12\/VF4_1.png 1048w\" sizes=\"auto, (max-width: 722px) 100vw, 722px\" \/><\/figure>\n\n\n\n<figure class=\"wp-block-image size-large\"><img loading=\"lazy\" decoding=\"async\" width=\"725\" height=\"1024\" src=\"https:\/\/www.gymnasium-schkeuditz.de\/wp-content\/uploads\/2024\/12\/VF4_2-725x1024.png\" alt=\"\" class=\"wp-image-12573\" srcset=\"https:\/\/www.gymnasium-schkeuditz.de\/wp-content\/uploads\/2024\/12\/VF4_2-725x1024.png 725w, https:\/\/www.gymnasium-schkeuditz.de\/wp-content\/uploads\/2024\/12\/VF4_2-212x300.png 212w, https:\/\/www.gymnasium-schkeuditz.de\/wp-content\/uploads\/2024\/12\/VF4_2-768x1084.png 768w, https:\/\/www.gymnasium-schkeuditz.de\/wp-content\/uploads\/2024\/12\/VF4_2-1088x1536.png 1088w, https:\/\/www.gymnasium-schkeuditz.de\/wp-content\/uploads\/2024\/12\/VF4_2.png 1180w\" sizes=\"auto, (max-width: 725px) 100vw, 725px\" \/><\/figure>\n\n\n\n<hr class=\"wp-block-separator has-alpha-channel-opacity\" \/>\n\n\n\n<div data-wp-interactive=\"core\/file\" class=\"wp-block-file\"><object data-wp-bind--hidden=\"!state.hasPdfPreview\" hidden class=\"wp-block-file__embed\" data=\"https:\/\/www.gymnasium-schkeuditz.de\/wp-content\/uploads\/2024\/11\/Vereinsflyer_4_24.pdf\" type=\"application\/pdf\" style=\"width:100%;height:200px\" aria-label=\"Einbettung von Vereinsflyer_4_24.\"><\/object><a id=\"wp-block-file--media-1881ca2d-4f43-4033-876b-42d9a462244c\" href=\"https:\/\/www.gymnasium-schkeuditz.de\/wp-content\/uploads\/2024\/11\/Vereinsflyer_4_24.pdf\">Vereinsflyer_4_24<\/a><a href=\"https:\/\/www.gymnasium-schkeuditz.de\/wp-content\/uploads\/2024\/11\/Vereinsflyer_4_24.pdf\" class=\"wp-block-file__button wp-element-button\" download aria-describedby=\"wp-block-file--media-1881ca2d-4f43-4033-876b-42d9a462244c\">Herunterladen<\/a><\/div>\n\n\n\n<hr class=\"wp-block-separator has-alpha-channel-opacity\" \/>\n\n\n\n<figure class=\"wp-block-image size-full is-resized\"><img loading=\"lazy\" decoding=\"async\" width=\"1048\" height=\"1626\" src=\"https:\/\/www.gymnasium-schkeuditz.de\/wp-content\/uploads\/2024\/12\/VF3_1.jpg\" alt=\"\" class=\"wp-image-12577\" style=\"width:840px;height:auto\" srcset=\"https:\/\/www.gymnasium-schkeuditz.de\/wp-content\/uploads\/2024\/12\/VF3_1.jpg 1048w, https:\/\/www.gymnasium-schkeuditz.de\/wp-content\/uploads\/2024\/12\/VF3_1-193x300.jpg 193w, https:\/\/www.gymnasium-schkeuditz.de\/wp-content\/uploads\/2024\/12\/VF3_1-660x1024.jpg 660w, https:\/\/www.gymnasium-schkeuditz.de\/wp-content\/uploads\/2024\/12\/VF3_1-768x1192.jpg 768w, https:\/\/www.gymnasium-schkeuditz.de\/wp-content\/uploads\/2024\/12\/VF3_1-990x1536.jpg 990w\" sizes=\"auto, (max-width: 1048px) 100vw, 1048px\" \/><\/figure>\n\n\n\n<figure class=\"wp-block-image size-full\"><img loading=\"lazy\" decoding=\"async\" width=\"986\" height=\"1642\" src=\"https:\/\/www.gymnasium-schkeuditz.de\/wp-content\/uploads\/2024\/12\/VF3_2.jpg\" alt=\"\" class=\"wp-image-12578\" srcset=\"https:\/\/www.gymnasium-schkeuditz.de\/wp-content\/uploads\/2024\/12\/VF3_2.jpg 986w, https:\/\/www.gymnasium-schkeuditz.de\/wp-content\/uploads\/2024\/12\/VF3_2-180x300.jpg 180w, https:\/\/www.gymnasium-schkeuditz.de\/wp-content\/uploads\/2024\/12\/VF3_2-615x1024.jpg 615w, https:\/\/www.gymnasium-schkeuditz.de\/wp-content\/uploads\/2024\/12\/VF3_2-768x1279.jpg 768w, https:\/\/www.gymnasium-schkeuditz.de\/wp-content\/uploads\/2024\/12\/VF3_2-922x1536.jpg 922w\" sizes=\"auto, (max-width: 986px) 100vw, 986px\" \/><\/figure>\n\n\n\n<div data-wp-interactive=\"core\/file\" class=\"wp-block-file\"><object data-wp-bind--hidden=\"!state.hasPdfPreview\" hidden class=\"wp-block-file__embed\" data=\"https:\/\/www.gymnasium-schkeuditz.de\/wp-content\/uploads\/2024\/05\/Vereinsflyer_3_24.pdf\" type=\"application\/pdf\" style=\"width:100%;height:200px\" aria-label=\"Einbettung von Vereinsflyer_3_24.\"><\/object><a id=\"wp-block-file--media-8effe0cb-1665-401a-93eb-e9de3b5db233\" href=\"https:\/\/www.gymnasium-schkeuditz.de\/wp-content\/uploads\/2024\/05\/Vereinsflyer_3_24.pdf\">Vereinsflyer_3_24<\/a><a href=\"https:\/\/www.gymnasium-schkeuditz.de\/wp-content\/uploads\/2024\/05\/Vereinsflyer_3_24.pdf\" class=\"wp-block-file__button wp-element-button\" download aria-describedby=\"wp-block-file--media-8effe0cb-1665-401a-93eb-e9de3b5db233\">Herunterladen<\/a><\/div>\n\n\n\n<div data-wp-interactive=\"core\/file\" class=\"wp-block-file\"><object data-wp-bind--hidden=\"!state.hasPdfPreview\" hidden class=\"wp-block-file__embed\" data=\"https:\/\/www.gymnasium-schkeuditz.de\/wp-content\/uploads\/2023\/11\/20231022_Vereinsfalter_Sonderausgabe-2023_MK-1.pdf\" type=\"application\/pdf\" style=\"width:100%;height:305px\" aria-label=\"Einbettung von 23_10_Vereinsfalter3_Sonderausgabe.\"><\/object><a id=\"wp-block-file--media-ce6b9d0d-3fff-4b1c-861c-8a3f6e433e3d\" href=\"https:\/\/www.gymnasium-schkeuditz.de\/wp-content\/uploads\/2023\/11\/20231022_Vereinsfalter_Sonderausgabe-2023_MK-1.pdf\">23_10_Vereinsfalter3_Sonderausgabe<\/a><a href=\"https:\/\/www.gymnasium-schkeuditz.de\/wp-content\/uploads\/2023\/11\/20231022_Vereinsfalter_Sonderausgabe-2023_MK-1.pdf\" class=\"wp-block-file__button wp-element-button\" download aria-describedby=\"wp-block-file--media-ce6b9d0d-3fff-4b1c-861c-8a3f6e433e3d\">Herunterladen<\/a><\/div>\n\n\n\n<div data-wp-interactive=\"core\/file\" id=\"Vereinsfalter2\" class=\"wp-block-file\"><object data-wp-bind--hidden=\"!state.hasPdfPreview\" hidden class=\"wp-block-file__embed\" data=\"https:\/\/www.gymnasium-schkeuditz.de\/wp-content\/uploads\/2023\/09\/23_09_Vereinsfalter2.pdf\" type=\"application\/pdf\" style=\"width:100%;height:305px\" aria-label=\"Einbettung von 23_09_Vereinsfalter2.\"><\/object><a id=\"wp-block-file--media-00a787f7-7afa-4008-9b0b-9a2661bc3de8\" href=\"https:\/\/www.gymnasium-schkeuditz.de\/wp-content\/uploads\/2023\/09\/23_09_Vereinsfalter2.pdf\" target=\"_blank\" rel=\"noreferrer noopener\">23_09_Vereinsfalter2<\/a><a href=\"https:\/\/www.gymnasium-schkeuditz.de\/wp-content\/uploads\/2023\/09\/23_09_Vereinsfalter2.pdf\" class=\"wp-block-file__button wp-element-button\" download aria-describedby=\"wp-block-file--media-00a787f7-7afa-4008-9b0b-9a2661bc3de8\">Herunterladen<\/a><\/div>\n\n\n\n<div data-wp-interactive=\"core\/file\" class=\"wp-block-file\"><object data-wp-bind--hidden=\"!state.hasPdfPreview\" hidden class=\"wp-block-file__embed\" data=\"https:\/\/www.gymnasium-schkeuditz.de\/wp-content\/uploads\/2023\/09\/23_01_Vereinsfalter1.pdf\" type=\"application\/pdf\" style=\"width:100%;height:305px\" aria-label=\"Einbettung von 23_01_Vereinsfalter1.\"><\/object><a id=\"wp-block-file--media-78ef91eb-7ea2-4b1f-81d8-ca68d8f0cc57\" href=\"https:\/\/www.gymnasium-schkeuditz.de\/wp-content\/uploads\/2023\/09\/23_01_Vereinsfalter1.pdf\" target=\"_blank\" rel=\"noreferrer noopener\">23_01_Vereinsfalter1<\/a><a href=\"https:\/\/www.gymnasium-schkeuditz.de\/wp-content\/uploads\/2023\/09\/23_01_Vereinsfalter1.pdf\" class=\"wp-block-file__button wp-element-button\" download aria-describedby=\"wp-block-file--media-78ef91eb-7ea2-4b1f-81d8-ca68d8f0cc57\">Herunterladen<\/a><\/div>\n","protected":false},"excerpt":{"rendered":"<p>Der gemeinn\u00fctzige F\u00f6rderverein unseres Gymnasiums wurde 1992 gegr\u00fcndet und hat aktuell etwa 400 Mitglieder. Dazu geh\u00f6ren engagierte Eltern, Lehrende, ehemalige Sch\u00fcler und Sch\u00fclerinnen und alle, die sich unserer Schule verbunden f\u00fchlen. Der Vorstand des F\u00f6rdervereins setzt sich aus gew\u00e4hlten Mitgliedern mit unterschiedlichen Aufgaben zusammen. Hier arbeiten sowohl Eltern als auch Lehrkr\u00e4fte ehrenamtlich zum Wohle der Schule.&nbsp; Wof\u00fcr braucht das Maria-Merian-Gymnasium [&hellip;]<\/p>\n","protected":false},"author":6,"featured_media":0,"parent":0,"menu_order":0,"comment_status":"closed","ping_status":"closed","template":"","meta":{"footnotes":""},"class_list":["post-97","page","type-page","status-publish","hentry"],"_links":{"self":[{"href":"https:\/\/www.gymnasium-schkeuditz.de\/index.php?rest_route=\/wp\/v2\/pages\/97","targetHints":{"allow":["GET"]}}],"collection":[{"href":"https:\/\/www.gymnasium-schkeuditz.de\/index.php?rest_route=\/wp\/v2\/pages"}],"about":[{"href":"https:\/\/www.gymnasium-schkeuditz.de\/index.php?rest_route=\/wp\/v2\/types\/page"}],"author":[{"embeddable":true,"href":"https:\/\/www.gymnasium-schkeuditz.de\/index.php?rest_route=\/wp\/v2\/users\/6"}],"replies":[{"embeddable":true,"href":"https:\/\/www.gymnasium-schkeuditz.de\/index.php?rest_route=%2Fwp%2Fv2%2Fcomments&post=97"}],"version-history":[{"count":55,"href":"https:\/\/www.gymnasium-schkeuditz.de\/index.php?rest_route=\/wp\/v2\/pages\/97\/revisions"}],"predecessor-version":[{"id":13312,"href":"https:\/\/www.gymnasium-schkeuditz.de\/index.php?rest_route=\/wp\/v2\/pages\/97\/revisions\/13312"}],"wp:attachment":[{"href":"https:\/\/www.gymnasium-schkeuditz.de\/index.php?rest_route=%2Fwp%2Fv2%2Fmedia&parent=97"}],"curies":[{"name":"wp","href":"https:\/\/api.w.org\/{rel}","templated":true}]}}